{"id":2,"date":"2013-11-20T10:03:30","date_gmt":"2013-11-20T09:03:30","guid":{"rendered":"http:\/\/anoverdetajo.es\/infancia\/?page_id=2"},"modified":"2016-04-22T08:10:08","modified_gmt":"2016-04-22T07:10:08","slug":"eventos","status":"publish","type":"page","link":"http:\/\/anoverdetajo.es\/infancia\/eventos\/","title":{"rendered":"Eventos"},"content":{"rendered":"<p>22 de abril: <strong>Ruta cuentista<\/strong><\/p>\n<p>Para festejar el D\u00eda Internacional del libro participaremos en una ruta cuentista. \u00a0Partiremos desde la ludoteca, seguramente pasaremos por el Centro de Mayores para terminar en la biblioteca municipal.\u00a0De 17 a 19\u00a0horas. Est\u00e1is invitados.<\/p>\n<p><a href=\"http:\/\/anoverdetajo.es\/infancia\/wp-content\/uploads\/2013\/11\/Ruta-cuentista-cartel..jpg\" rel=\"attachment wp-att-502\"><img loading=\"lazy\" class=\"aligncenter size-medium wp-image-502\" src=\"http:\/\/anoverdetajo.es\/infancia\/wp-content\/uploads\/2013\/11\/Ruta-cuentista-cartel.-300x212.jpg\" alt=\"Ruta cuentista cartel.\" width=\"300\" height=\"212\" srcset=\"http:\/\/anoverdetajo.es\/infancia\/wp-content\/uploads\/2013\/11\/Ruta-cuentista-cartel.-300x212.jpg 300w, http:\/\/anoverdetajo.es\/infancia\/wp-content\/uploads\/2013\/11\/Ruta-cuentista-cartel..jpg 640w\" sizes=\"(max-width: 300px) 100vw, 300px\" \/><\/a><\/p>\n<p>24 de abril:\u00a0<strong>\u00a0\u201cJuego por mis derechos\u201d <\/strong><\/p>\n<p>Los j\u00f3venes miembros del Consejo Municipal de la Infancia y la Adolescencia de A\u00f1over organizan el <strong>\u201cJuego por mis derechos\u201d<\/strong>, una forma l\u00fadica de concienciar a los ni\u00f1os y j\u00f3venes de los derechos que poseen.\u00a0En la Plaza de Espa\u00f1a. De 12 a 14 horas.<\/p>\n<p><a href=\"http:\/\/anoverdetajo.es\/infancia\/wp-content\/uploads\/2016\/04\/Juega-por-tus-derechos.jpg\" rel=\"attachment wp-att-514\"><img loading=\"lazy\" class=\"aligncenter size-medium wp-image-514\" src=\"http:\/\/anoverdetajo.es\/infancia\/wp-content\/uploads\/2016\/04\/Juega-por-tus-derechos-212x300.jpg\" alt=\"En blanco\" width=\"212\" height=\"300\" srcset=\"http:\/\/anoverdetajo.es\/infancia\/wp-content\/uploads\/2016\/04\/Juega-por-tus-derechos-212x300.jpg 212w, http:\/\/anoverdetajo.es\/infancia\/wp-content\/uploads\/2016\/04\/Juega-por-tus-derechos-768x1086.jpg 768w, http:\/\/anoverdetajo.es\/infancia\/wp-content\/uploads\/2016\/04\/Juega-por-tus-derechos-724x1024.jpg 724w, http:\/\/anoverdetajo.es\/infancia\/wp-content\/uploads\/2016\/04\/Juega-por-tus-derechos.jpg 1075w\" sizes=\"(max-width: 212px) 100vw, 212px\" \/><\/a><\/p>\n<p>29 de abril:\u00a0 <strong>Gynkana nocturna<\/strong><\/p>\n<p>Tu Ludoteca Amiga organiza el viernes 29 de abril una <strong>gynkana nocturna<\/strong> por las calles del pueblo a partir de las 21 horas. Pensada para\u00a0ni\u00f1os de 3 a 14 a\u00f1os. Hay que apuntarse en Tu Ludoteca Amiga antes del d\u00eda 27 de abril. \u00bfTe lo vas a perder?<\/p>\n<p><a href=\"http:\/\/anoverdetajo.es\/infancia\/wp-content\/uploads\/2016\/04\/Gynkana-2016.jpg\" rel=\"attachment wp-att-515\"><img loading=\"lazy\" class=\"aligncenter size-medium wp-image-515\" src=\"http:\/\/anoverdetajo.es\/infancia\/wp-content\/uploads\/2016\/04\/Gynkana-2016-202x300.jpg\" alt=\"Gynkana 2016\" width=\"202\" height=\"300\" srcset=\"http:\/\/anoverdetajo.es\/infancia\/wp-content\/uploads\/2016\/04\/Gynkana-2016-202x300.jpg 202w, http:\/\/anoverdetajo.es\/infancia\/wp-content\/uploads\/2016\/04\/Gynkana-2016-768x1141.jpg 768w, http:\/\/anoverdetajo.es\/infancia\/wp-content\/uploads\/2016\/04\/Gynkana-2016-689x1024.jpg 689w, http:\/\/anoverdetajo.es\/infancia\/wp-content\/uploads\/2016\/04\/Gynkana-2016.jpg 1181w\" sizes=\"(max-width: 202px) 100vw, 202px\" \/><\/a><\/p>\n<p>30 de abril: <strong>Talleres infantiles<\/strong><\/p>\n<p><strong>La Asociaci\u00f3n Aula Verde propone talleres infantiles<\/strong> de jardiner\u00eda, cocina, maquillaje, abalorios, percusi\u00f3n y baile. Para todos los ni\u00f1os y para todos los gustos.\u00a0Pabell\u00f3n deportivo. De 11 a 14 horas. Hay que inscribirse previamente en la biblioteca los d\u00edas 25, 26 o 27 de abril.<\/p>\n<p><a href=\"http:\/\/anoverdetajo.es\/infancia\/wp-content\/uploads\/2016\/04\/cartel-ven-juega-y-disfruta.jpg\" rel=\"attachment wp-att-508\"><img loading=\"lazy\" class=\"aligncenter size-medium wp-image-508\" src=\"http:\/\/anoverdetajo.es\/infancia\/wp-content\/uploads\/2016\/04\/cartel-ven-juega-y-disfruta-300x212.jpg\" alt=\"cartel ven juega y disfruta\" width=\"300\" height=\"212\" srcset=\"http:\/\/anoverdetajo.es\/infancia\/wp-content\/uploads\/2016\/04\/cartel-ven-juega-y-disfruta-300x212.jpg 300w, http:\/\/anoverdetajo.es\/infancia\/wp-content\/uploads\/2016\/04\/cartel-ven-juega-y-disfruta-768x543.jpg 768w, http:\/\/anoverdetajo.es\/infancia\/wp-content\/uploads\/2016\/04\/cartel-ven-juega-y-disfruta-1024x724.jpg 1024w\" sizes=\"(max-width: 300px) 100vw, 300px\" \/><\/a><\/p>\n","protected":false},"excerpt":{"rendered":"<p>22 de abril: Ruta cuentista Para festejar el D\u00eda Internacional del libro participaremos en una ruta cuentista. \u00a0Partiremos desde la ludoteca, seguramente pasaremos por el Centro de Mayores para terminar en la biblioteca municipal.\u00a0De 17 a 19\u00a0horas. Est\u00e1is invitados. 24 de abril:\u00a0\u00a0\u201cJuego por mis derechos\u201d Los j\u00f3venes miembros del Consejo Municipal de la Infancia y<\/p>\n","protected":false},"author":2,"featured_media":0,"parent":0,"menu_order":0,"comment_status":"closed","ping_status":"closed","template":"","meta":[],"_links":{"self":[{"href":"http:\/\/anoverdetajo.es\/infancia\/wp-json\/wp\/v2\/pages\/2"}],"collection":[{"href":"http:\/\/anoverdetajo.es\/infancia\/wp-json\/wp\/v2\/pages"}],"about":[{"href":"http:\/\/anoverdetajo.es\/infancia\/wp-json\/wp\/v2\/types\/page"}],"author":[{"embeddable":true,"href":"http:\/\/anoverdetajo.es\/infancia\/wp-json\/wp\/v2\/users\/2"}],"replies":[{"embeddable":true,"href":"http:\/\/anoverdetajo.es\/infancia\/wp-json\/wp\/v2\/comments?post=2"}],"version-history":[{"count":6,"href":"http:\/\/anoverdetajo.es\/infancia\/wp-json\/wp\/v2\/pages\/2\/revisions"}],"predecessor-version":[{"id":521,"href":"http:\/\/anoverdetajo.es\/infancia\/wp-json\/wp\/v2\/pages\/2\/revisions\/521"}],"wp:attachment":[{"href":"http:\/\/anoverdetajo.es\/infancia\/wp-json\/wp\/v2\/media?parent=2"}],"curies":[{"name":"wp","href":"https:\/\/api.w.org\/{rel}","templated":true}]}}